{"id":227177,"date":"2025-05-19T12:10:47","date_gmt":"2025-05-19T09:10:47","guid":{"rendered":"https:\/\/lapinleisku.fi\/events\/la-14-6-2025-catcat-leiskun-juhlateltalla-sodankyla\/"},"modified":"2025-06-30T18:05:41","modified_gmt":"2025-06-30T15:05:41","slug":"la-14-6-2025-catcat-leiskun-juhlateltalla-sodankyla","status":"publish","type":"mec-events","link":"https:\/\/lapinleisku.fi\/en\/events\/la-14-6-2025-catcat-leiskun-juhlateltalla-sodankyla\/","title":{"rendered":"CatCat"},"content":{"rendered":"<p>Lauantaina 14.6.2025 Leiskun lavalle astelee upea CATCAT.<\/p>\n<p>Tavataan Lapin Leiskun juhlateltalla Sodankyl\u00e4ss\u00e4 IKH:n \/ Simosen parkkipaikalla, Sompiontie 1.<\/p>\n<p>Sis\u00e4\u00e4np\u00e4\u00e4sylippu 25 \u20ac, showtime n. klo 22.30, K-18, (lippu sis\u00e4lt\u00e4\u00e4 my\u00f6s Toni Jaatinen Band esiintymisen ennen ja j\u00e4lkeen CATCATin)<\/p>\n<p>L\u00e4mpim\u00e4sti tervetuloa<br \/>\nPia &amp; Juha<\/p>\n\n<style>#jtg-227311 .modula-item .jtg-social a, .lightbox-socials.jtg-social a{ fill: #ffffff; color: #ffffff }#jtg-227311 .modula-item .jtg-social-mobile a{ fill: #ffffff; color: #ffffff }#jtg-227311 .modula-item .jtg-social svg, .lightbox-socials.jtg-social svg { height: 16px; width: 16px }#jtg-227311 .modula-item .jtg-social-mobile svg { height: 16px; width: 16px }#jtg-227311 .modula-item .jtg-social a:not(:last-child), .lightbox-socials.jtg-social a:not(:last-child) { margin-right: 10px }#jtg-227311 .modula-item .jtg-social-mobile .jtg-social-mobile-icons a:not(:last-child){ margin-right: 10px }#jtg-227311 .modula-item .figc {color:#ffffff;}#jtg-227311 .modula-item .figc .jtg-title {  font-size: 24px; }#jtg-227311 .modula-item .modula-item-content { transform: scale(1) }#jtg-227311 { width:100%;}#jtg-227311 .modula-items .figc p.description { font-size:16px; }#jtg-227311 .modula-items .figc p.description { color:#ffffff;}#jtg-227311 .modula-items .figc .jtg-title { color:#ffffff; }#jtg-227311.modula-gallery .modula-item > a, #jtg-227311.modula-gallery .modula-item, #jtg-227311.modula-gallery .modula-item-content > a:not(.modula-no-follow) { cursor:zoom-in; } #jtg-227311.modula-gallery .modula-item-content .modula-no-follow { cursor: default; } @media screen and (max-width:480px){#jtg-227311 .modula-item .figc .jtg-title {  font-size: 12px; }#jtg-227311 .modula-items .figc p.description { color:#ffffff;font-size:10px; }}<\/style>\n<div  id=\"jtg-227311\" class=\"modula modula-gallery modula-columns\" data-config=\"{&quot;tabletHeight&quot;:800,&quot;mobileHeight&quot;:800,&quot;desktopHeight&quot;:800,&quot;enableTwitter&quot;:false,&quot;enableWhatsapp&quot;:false,&quot;enableFacebook&quot;:false,&quot;enablePinterest&quot;:false,&quot;enableLinkedin&quot;:false,&quot;enableEmail&quot;:false,&quot;randomFactor&quot;:0.5,&quot;type&quot;:&quot;grid&quot;,&quot;columns&quot;:12,&quot;gutter&quot;:10,&quot;mobileGutter&quot;:10,&quot;tabletGutter&quot;:10,&quot;desktopGutter&quot;:10,&quot;enableResponsive&quot;:&quot;0&quot;,&quot;tabletColumns&quot;:2,&quot;mobileColumns&quot;:1,&quot;lazyLoad&quot;:true,&quot;lightboxOpts&quot;:{&quot;animated&quot;:true,&quot;Thumbs&quot;:{&quot;type&quot;:&quot;modern&quot;,&quot;showOnStart&quot;:false},&quot;Toolbar&quot;:{&quot;display&quot;:{&quot;right&quot;:[&quot;close&quot;]},&quot;enabled&quot;:true},&quot;Carousel&quot;:{&quot;Panzoom&quot;:{&quot;touch&quot;:false},&quot;infinite&quot;:false},&quot;keyboard&quot;:{&quot;Escape&quot;:&quot;close&quot;,&quot;Delete&quot;:&quot;close&quot;,&quot;Backspace&quot;:&quot;close&quot;,&quot;PageUp&quot;:false,&quot;PageDown&quot;:false,&quot;ArrowUp&quot;:false,&quot;ArrowDown&quot;:false,&quot;ArrowRight&quot;:false,&quot;ArrowLeft&quot;:false},&quot;touch&quot;:false,&quot;backdropClick&quot;:false,&quot;l10n&quot;:{&quot;CLOSE&quot;:&quot;Close&quot;,&quot;NEXT&quot;:&quot;Next&quot;,&quot;PREV&quot;:&quot;Previous&quot;,&quot;Error&quot;:&quot;The requested content cannot be loaded. Please try again later.&quot;,&quot;PLAY_START&quot;:&quot;Start slideshow&quot;,&quot;PLAY_STOP&quot;:&quot;Pause slideshow&quot;,&quot;FULL_SCREEN&quot;:&quot;Full screen&quot;,&quot;THUMBS&quot;:&quot;Thumbnails&quot;,&quot;DOWNLOAD&quot;:&quot;Download&quot;,&quot;SHARE&quot;:&quot;Share&quot;,&quot;ZOOM&quot;:&quot;Zoom&quot;,&quot;EMAIL&quot;:&quot;Here is the link to the image : %%image_link%% and this is the link to the gallery : %%gallery_link%%&quot;,&quot;MODAL&quot;:&quot;You can close this modal content with the ESC key&quot;,&quot;ERROR&quot;:&quot;Something Went Wrong, Please Try Again Later&quot;,&quot;IMAGE_ERROR&quot;:&quot;Image Not Found&quot;,&quot;ELEMENT_NOT_FOUND&quot;:&quot;HTML Element Not Found&quot;,&quot;AJAX_NOT_FOUND&quot;:&quot;Error Loading AJAX : Not Found&quot;,&quot;AJAX_FORBIDDEN&quot;:&quot;Error Loading AJAX : Forbidden&quot;,&quot;IFRAME_ERROR&quot;:&quot;Error Loading Page&quot;,&quot;TOGGLE_ZOOM&quot;:&quot;Toggle zoom level&quot;,&quot;TOGGLE_THUMBS&quot;:&quot;Toggle thumbnails&quot;,&quot;TOGGLE_SLIDESHOW&quot;:&quot;Toggle slideshow&quot;,&quot;TOGGLE_FULLSCREEN&quot;:&quot;Toggle full-screen mode&quot;},&quot;Images&quot;:{&quot;Panzoom&quot;:{&quot;maxScale&quot;:2}},&quot;mainClass&quot;:&quot;modula-fancybox-container modula-lightbox-jtg-227311&quot;,&quot;Html&quot;:{&quot;videoAutoplay&quot;:0,&quot;videoTpl&quot;:&quot;&lt;video class=\\&quot;fancybox__html5video\\&quot; controls muted playsinline controlsList controlsList=\\&quot;nodownload\\&quot; poster=\\&quot;{{poster}}\\&quot; src=\\&quot;{{src}}\\&quot; type=\\&quot;{{format}}\\&quot; &gt;  Sorry, your browser doesn&#039;t support embedded videos, &lt;a href=\\&quot;{{src}}\\&quot;&gt; download &lt;\\\/a&gt; and watch with your favorite video player! &lt;\\\/video&gt;&quot;}},&quot;inView&quot;:false,&quot;email_subject&quot;:&quot;Check out this awesome image !!&quot;,&quot;email_message&quot;:&quot;Here is the link to the image : %%image_link%% and this is the link to the gallery : %%gallery_link%%&quot;,&quot;grid_type&quot;:&quot;automatic&quot;,&quot;rowHeight&quot;:250,&quot;lastRow&quot;:&quot;justify&quot;,&quot;lightbox&quot;:&quot;fancybox&quot;}\">\n\n\t\n\t<div  class=\"modula-items grid-gallery\">\n\t\t<div class=\"modula-item effect-pufrobo\" >\n\t<div class=\"modula-item-overlay\"><\/div>\n\n\t<div class=\"modula-item-content\">\n\n\t\t\t\t\n\t\t\t\t\t<a data-image-id=\"227312\" tabindex=\"0\" rel=\"jtg-227311\" data-caption=\"oplus_34\" aria-label=\"Open image in lightbox\" role=\"button\" class=\"tile-inner modula-item-link\"><\/a>\n\t\t\n\t\t<img class=\"pic wp-image-227312 lazyload\"  data-valign=\"middle\" data-halign=\"center\" alt=\"CATCAT ja Toni Jaatinen Band - Lapin Leiskun juhlateltalla 2025 festareilla Sodankyl\u00e4ss\u00e4\" data-full=\"https:\/\/lapinleisku.fi\/wp-content\/uploads\/2025\/05\/catcat.jpg\" title=\"CATCAT ja Toni Jaatinen Band - Lapin Leiskun juhlateltalla 2025 festareilla Sodankyl\u00e4ss\u00e4\" width=\"1128\" height=\"2000\" data-src=\"https:\/\/lapinleisku.fi\/wp-content\/uploads\/2025\/05\/catcat-1128x2000.jpg\" data-caption=\"oplus_34\" data-source=\"modula\" data-srcset=\"https:\/\/lapinleisku.fi\/wp-content\/uploads\/2025\/05\/catcat-980x1737.jpg 980w, https:\/\/lapinleisku.fi\/wp-content\/uploads\/2025\/05\/catcat-480x851.jpg 480w\" data-sizes=\"(min-width: 0px) and (max-width: 480px) 480px, (min-width: 481px) and (max-width: 980px) 980px, (min-width: 981px) 1128px, 100vw\" srcset=\"https:\/\/lapinleisku.fi\/wp-content\/uploads\/2025\/05\/catcat-980x1737.jpg 980w, https:\/\/lapinleisku.fi\/wp-content\/uploads\/2025\/05\/catcat-480x851.jpg 480w\" sizes=\"(min-width: 0px) and (max-width: 480px) 480px, (min-width: 481px) and (max-width: 980px) 980px, (min-width: 981px) 1128px, 100vw\" \/>\n\t\t<div class=\"figc\">\n\t\t\t<div class=\"figc-inner\">\n\t\t\t\t\t\t\t\t\t\t\t\t\t<p class=\"description\">oplus_34<\/p>\n\t\t\t\t\t\t\t\t\t\t\t<\/div>\n\t\t<\/div>\n\n\t<\/div>\n\n<\/div><div class=\"modula-item effect-pufrobo\" >\n\t<div class=\"modula-item-overlay\"><\/div>\n\n\t<div class=\"modula-item-content\">\n\n\t\t\t\t\n\t\t\t\t\t<a data-image-id=\"227313\" tabindex=\"0\" rel=\"jtg-227311\" data-caption=\"Oplus_131106\" aria-label=\"Open image in lightbox\" role=\"button\" class=\"tile-inner modula-item-link\"><\/a>\n\t\t\n\t\t<img class=\"pic wp-image-227313 lazyload\"  data-valign=\"middle\" data-halign=\"center\" alt=\"CATCAT - Lapin Leiskun Juhlateltalla festareilla 2025 Sodankyl\u00e4ss\u00e4\" data-full=\"https:\/\/lapinleisku.fi\/wp-content\/uploads\/2025\/05\/catcat3.jpg\" title=\"CATCAT - Lapin Leiskun Juhlateltalla festareilla 2025 Sodankyl\u00e4ss\u00e4 \" width=\"1820\" height=\"2000\" data-src=\"https:\/\/lapinleisku.fi\/wp-content\/uploads\/2025\/05\/catcat3-1820x2000.jpg\" data-caption=\"Oplus_131106\" data-source=\"modula\" data-srcset=\"https:\/\/lapinleisku.fi\/wp-content\/uploads\/2025\/05\/catcat3.jpg 1820w, https:\/\/lapinleisku.fi\/wp-content\/uploads\/2025\/05\/catcat3-1280x1406.jpg 1280w, https:\/\/lapinleisku.fi\/wp-content\/uploads\/2025\/05\/catcat3-980x1077.jpg 980w, https:\/\/lapinleisku.fi\/wp-content\/uploads\/2025\/05\/catcat3-480x527.jpg 480w\" data-sizes=\"(min-width: 0px) and (max-width: 480px) 480px, (min-width: 481px) and (max-width: 980px) 980px, (min-width: 981px) and (max-width: 1280px) 1280px, (min-width: 1281px) 1820px, 100vw\" srcset=\"https:\/\/lapinleisku.fi\/wp-content\/uploads\/2025\/05\/catcat3-1820x2000.jpg 1820w, https:\/\/lapinleisku.fi\/wp-content\/uploads\/2025\/05\/catcat3-1280x1406.jpg 1280w, https:\/\/lapinleisku.fi\/wp-content\/uploads\/2025\/05\/catcat3-980x1077.jpg 980w, https:\/\/lapinleisku.fi\/wp-content\/uploads\/2025\/05\/catcat3-480x527.jpg 480w\" sizes=\"(min-width: 0px) and (max-width: 480px) 480px, (min-width: 481px) and (max-width: 980px) 980px, (min-width: 981px) and (max-width: 1280px) 1280px, (min-width: 1281px) 1820px, 100vw\" \/>\n\t\t<div class=\"figc\">\n\t\t\t<div class=\"figc-inner\">\n\t\t\t\t\t\t\t\t\t\t\t\t\t<p class=\"description\">Oplus_131106<\/p>\n\t\t\t\t\t\t\t\t\t\t\t<\/div>\n\t\t<\/div>\n\n\t<\/div>\n\n<\/div><div class=\"modula-item effect-pufrobo\" >\n\t<div class=\"modula-item-overlay\"><\/div>\n\n\t<div class=\"modula-item-content\">\n\n\t\t\t\t\n\t\t\t\t\t<a data-image-id=\"227314\" tabindex=\"0\" rel=\"jtg-227311\" data-caption=\"Oplus_131072\" aria-label=\"Open image in lightbox\" role=\"button\" class=\"tile-inner modula-item-link\"><\/a>\n\t\t\n\t\t<img class=\"pic wp-image-227314 lazyload\"  data-valign=\"middle\" data-halign=\"center\" alt=\"CATCAT ja Leiskun em\u00e4nt\u00e4 ja is\u00e4nt\u00e4 - Lapin Leiskun juhlateltalla festareilla 2025 Sodankyl\u00e4ss\u00e4\" data-full=\"https:\/\/lapinleisku.fi\/wp-content\/uploads\/2025\/05\/catcat1.jpg\" title=\"CATCAT ja Leiskun em\u00e4nt\u00e4 ja is\u00e4nt\u00e4 - Lapin Leiskun juhlateltalla festareilla 2025 Sodankyl\u00e4ss\u00e4 \" width=\"802\" height=\"1010\" data-src=\"https:\/\/lapinleisku.fi\/wp-content\/uploads\/2025\/05\/catcat1.jpg\" data-caption=\"Oplus_131072\" data-source=\"modula\" data-srcset=\"https:\/\/lapinleisku.fi\/wp-content\/uploads\/2025\/05\/catcat1.jpg 802w, https:\/\/lapinleisku.fi\/wp-content\/uploads\/2025\/05\/catcat1-480x604.jpg 480w\" data-sizes=\"(min-width: 0px) and (max-width: 480px) 480px, (min-width: 481px) 802px, 100vw\" srcset=\"https:\/\/lapinleisku.fi\/wp-content\/uploads\/2025\/05\/catcat1.jpg 802w, https:\/\/lapinleisku.fi\/wp-content\/uploads\/2025\/05\/catcat1-480x604.jpg 480w\" sizes=\"(min-width: 0px) and (max-width: 480px) 480px, (min-width: 481px) 802px, 100vw\" \/>\n\t\t<div class=\"figc\">\n\t\t\t<div class=\"figc-inner\">\n\t\t\t\t\t\t\t\t\t\t\t\t\t<p class=\"description\">Oplus_131072<\/p>\n\t\t\t\t\t\t\t\t\t\t\t<\/div>\n\t\t<\/div>\n\n\t<\/div>\n\n<\/div>\t\t\n\t<\/div>\n\n\t\n\t\n\t<script type=\"application\/ld+json\">\n\t{\n\t\t\"@context\": \"http:\/\/schema.org\",\n\t\t\"@type\"   : \"ImageGallery\",\n\t\t\"id\"      : \"https:\/\/lapinleisku.fi\/en\/events\/la-14-6-2025-catcat-leiskun-juhlateltalla-sodankyla\/\",\n\t\t\"url\"     : \"https:\/\/lapinleisku.fi\/en\/events\/la-14-6-2025-catcat-leiskun-juhlateltalla-sodankyla\/\"\n\t}\n\n\t<\/script>\n\n\t\n<\/div>\n<p>&nbsp;<\/p>","protected":false},"excerpt":{"rendered":"<p>Lauantaina 14.6.2025 Leiskun lavalle astelee upea CATCAT. Tavataan Lapin Leiskun juhlateltalla Sodankyl\u00e4ss\u00e4 IKH:n \/ Simosen parkkipaikalla, Sompiontie 1. Sis\u00e4\u00e4np\u00e4\u00e4sylippu 25 \u20ac, showtime n. klo 22.30, K-18, (lippu sis\u00e4lt\u00e4\u00e4 my\u00f6s Toni Jaatinen Band esiintymisen ennen ja j\u00e4lkeen CATCATin) L\u00e4mpim\u00e4sti tervetuloa Pia &amp; Juha &nbsp;<\/p>","protected":false},"author":1,"featured_media":227108,"comment_status":"open","ping_status":"closed","template":"","tags":[],"mec_category":[12],"class_list":["post-227177","mec-events","type-mec-events","status-publish","has-post-thumbnail","hentry","mec_category-filmifestivaalit"],"_links":{"self":[{"href":"https:\/\/lapinleisku.fi\/en\/wp-json\/wp\/v2\/mec-events\/227177","targetHints":{"allow":["GET"]}}],"collection":[{"href":"https:\/\/lapinleisku.fi\/en\/wp-json\/wp\/v2\/mec-events"}],"about":[{"href":"https:\/\/lapinleisku.fi\/en\/wp-json\/wp\/v2\/types\/mec-events"}],"author":[{"embeddable":true,"href":"https:\/\/lapinleisku.fi\/en\/wp-json\/wp\/v2\/users\/1"}],"replies":[{"embeddable":true,"href":"https:\/\/lapinleisku.fi\/en\/wp-json\/wp\/v2\/comments?post=227177"}],"wp:featuredmedia":[{"embeddable":true,"href":"https:\/\/lapinleisku.fi\/en\/wp-json\/wp\/v2\/media\/227108"}],"wp:attachment":[{"href":"https:\/\/lapinleisku.fi\/en\/wp-json\/wp\/v2\/media?parent=227177"}],"wp:term":[{"taxonomy":"post_tag","embeddable":true,"href":"https:\/\/lapinleisku.fi\/en\/wp-json\/wp\/v2\/tags?post=227177"},{"taxonomy":"mec_category","embeddable":true,"href":"https:\/\/lapinleisku.fi\/en\/wp-json\/wp\/v2\/mec_category?post=227177"}],"curies":[{"name":"wp","href":"https:\/\/api.w.org\/{rel}","templated":true}]}}